{"id":9,"date":"2026-03-02T08:47:49","date_gmt":"2026-03-02T07:47:49","guid":{"rendered":"https:\/\/site14.monsitecommeunpro.fr\/?page_id=9"},"modified":"2026-04-27T11:16:42","modified_gmt":"2026-04-27T09:16:42","slug":"au-chalet-floral","status":"publish","type":"page","link":"https:\/\/site14.monsitecommeunpro.fr\/","title":{"rendered":"Fleuriste"},"content":{"rendered":"\n<h2 class=\"wp-block-heading has-text-align-center has-black-color has-text-color has-link-color has-large-font-size wp-elements-612837ea60d932c14c31487580e41022\"><strong>Bienvenue chez votre<\/strong> <strong>Fleuriste<\/strong> <strong>Artisanal<\/strong><\/h2>\n\n\n\n<p class=\"has-text-align-center\">D\u00e9couvrez notre fleuriste fran\u00e7ais, sp\u00e9cialiste des fleurs fra\u00eeches en circuit court, des bouquets sur mesure et des cr\u00e9ations florales inspir\u00e9es par la nature. Engag\u00e9s dans une d\u00e9marche responsable et bienveillante, nous s\u00e9lectionnons des fleurs de saison aupr\u00e8s de producteurs locaux pour garantir fra\u00eecheur, qualit\u00e9 et respect de l\u2019environnement.<\/p>\n\n\n\n<figure class=\"wp-block-gallery has-nested-images columns-default is-cropped wp-block-gallery-1 is-layout-flex wp-block-gallery-is-layout-flex\">\n<figure class=\"wp-block-image size-large\"><img loading=\"lazy\" decoding=\"async\" width=\"1024\" height=\"460\" data-id=\"134\" src=\"https:\/\/site14.monsitecommeunpro.fr\/wp-content\/uploads\/2026\/03\/Capture-decran-2026-03-03-111301-1024x460.png\" alt=\"Fleuriste\" class=\"wp-image-134\" srcset=\"https:\/\/site14.monsitecommeunpro.fr\/wp-content\/uploads\/2026\/03\/Capture-decran-2026-03-03-111301-1024x460.png 1024w, https:\/\/site14.monsitecommeunpro.fr\/wp-content\/uploads\/2026\/03\/Capture-decran-2026-03-03-111301-300x135.png 300w, https:\/\/site14.monsitecommeunpro.fr\/wp-content\/uploads\/2026\/03\/Capture-decran-2026-03-03-111301-768x345.png 768w, https:\/\/site14.monsitecommeunpro.fr\/wp-content\/uploads\/2026\/03\/Capture-decran-2026-03-03-111301-1536x689.png 1536w, https:\/\/site14.monsitecommeunpro.fr\/wp-content\/uploads\/2026\/03\/Capture-decran-2026-03-03-111301-2048x919.png 2048w\" sizes=\"auto, (max-width: 1024px) 100vw, 1024px\" \/><\/figure>\n<\/figure>\n\n\n\n<p class=\"has-text-align-center has-medium-font-size\"><strong>Le Chalet Floral, fleuriste pr\u00e9f\u00e9r\u00e9 des Fran\u00e7ais<\/strong><\/p>\n\n\n\n<p class=\"has-ast-global-color-8-color has-text-color has-link-color wp-elements-3a915a7ff99c044fb42c9952b0840e1d\">D\u00e9couvrez nos Bouquets personnalisable : <a href=\"https:\/\/site14.monsitecommeunpro.fr\/?page_id=68\">Bouquets sur mesure &#8211;<\/a><\/p>\n\n\n\n<p class=\"has-text-align-center\">En tant que fleuriste en France, nous mettons en avant le savoir-faire artisanal et les fleurs locales pour proposer des cr\u00e9ations originales adapt\u00e9es \u00e0 toutes les envies. Bouquet champ\u00eatre, composition moderne, d\u00e9coration florale ou plante \u00e0 offrir, nos propositions r\u00e9pondent aux besoins des particuliers comme des professionnels.<\/p>\n\n\n\n<figure class=\"wp-block-gallery has-nested-images columns-default is-cropped wp-block-gallery-2 is-layout-flex wp-block-gallery-is-layout-flex\">\n<figure class=\"wp-block-image size-large\"><img loading=\"lazy\" decoding=\"async\" width=\"658\" height=\"877\" data-id=\"160\" src=\"https:\/\/site14.monsitecommeunpro.fr\/wp-content\/uploads\/2026\/03\/Capture-decran-2026-03-04-082938.png\" alt=\"Fleuriste\" class=\"wp-image-160\" srcset=\"https:\/\/site14.monsitecommeunpro.fr\/wp-content\/uploads\/2026\/03\/Capture-decran-2026-03-04-082938.png 658w, https:\/\/site14.monsitecommeunpro.fr\/wp-content\/uploads\/2026\/03\/Capture-decran-2026-03-04-082938-225x300.png 225w\" sizes=\"auto, (max-width: 658px) 100vw, 658px\" \/><figcaption class=\"wp-element-caption\">L&rsquo;inspiration au fil des saisons <\/figcaption><\/figure>\n\n\n\n<figure class=\"wp-block-image size-large\"><img loading=\"lazy\" decoding=\"async\" width=\"652\" height=\"882\" data-id=\"158\" src=\"https:\/\/site14.monsitecommeunpro.fr\/wp-content\/uploads\/2026\/03\/Capture-decran-2026-03-04-082957.png\" alt=\"Fleuriste\" class=\"wp-image-158\" srcset=\"https:\/\/site14.monsitecommeunpro.fr\/wp-content\/uploads\/2026\/03\/Capture-decran-2026-03-04-082957.png 652w, https:\/\/site14.monsitecommeunpro.fr\/wp-content\/uploads\/2026\/03\/Capture-decran-2026-03-04-082957-222x300.png 222w\" sizes=\"auto, (max-width: 652px) 100vw, 652px\" \/><figcaption class=\"wp-element-caption\">Une nature bienveillante<\/figcaption><\/figure>\n\n\n\n<figure class=\"wp-block-image size-large\"><img loading=\"lazy\" decoding=\"async\" width=\"657\" height=\"883\" data-id=\"159\" src=\"https:\/\/site14.monsitecommeunpro.fr\/wp-content\/uploads\/2026\/03\/Capture-decran-2026-03-04-083013.png\" alt=\"Fleuriste\" class=\"wp-image-159\" srcset=\"https:\/\/site14.monsitecommeunpro.fr\/wp-content\/uploads\/2026\/03\/Capture-decran-2026-03-04-083013.png 657w, https:\/\/site14.monsitecommeunpro.fr\/wp-content\/uploads\/2026\/03\/Capture-decran-2026-03-04-083013-223x300.png 223w\" sizes=\"auto, (max-width: 657px) 100vw, 657px\" \/><figcaption class=\"wp-element-caption\">Une \u00e9quipe au service de vos envies<\/figcaption><\/figure>\n<\/figure>\n\n\n\n<p class=\"has-text-align-center\">Notre boutique propose un large choix de bouquets compos\u00e9s pour toutes les occasions : anniversaire, mariage, naissance, remerciement ou simple plaisir d\u2019offrir. Chaque composition florale est r\u00e9alis\u00e9e avec soin pour cr\u00e9er des bouquets uniques, \u00e9l\u00e9gants et naturels. Vous trouverez \u00e9galement une belle s\u00e9lection de plantes vertes, plantes d\u2019int\u00e9rieur, fleurs s\u00e9ch\u00e9es et id\u00e9es cadeaux autour de l\u2019univers v\u00e9g\u00e9tal.<\/p>\n\n\n\n<figure class=\"wp-block-image size-large is-resized\"><a href=\"https:\/\/www.bergamotte.fr\/avis-clients\" target=\"_blank\" rel=\" noreferrer noopener\"><img loading=\"lazy\" decoding=\"async\" width=\"1024\" height=\"80\" src=\"https:\/\/site14.monsitecommeunpro.fr\/wp-content\/uploads\/2026\/03\/Capture-decran-2026-03-04-081942-1024x80.png\" alt=\"\" class=\"wp-image-151\" style=\"width:1117px;height:auto\" srcset=\"https:\/\/site14.monsitecommeunpro.fr\/wp-content\/uploads\/2026\/03\/Capture-decran-2026-03-04-081942-1024x80.png 1024w, https:\/\/site14.monsitecommeunpro.fr\/wp-content\/uploads\/2026\/03\/Capture-decran-2026-03-04-081942-300x23.png 300w, https:\/\/site14.monsitecommeunpro.fr\/wp-content\/uploads\/2026\/03\/Capture-decran-2026-03-04-081942-768x60.png 768w, https:\/\/site14.monsitecommeunpro.fr\/wp-content\/uploads\/2026\/03\/Capture-decran-2026-03-04-081942-1536x120.png 1536w, https:\/\/site14.monsitecommeunpro.fr\/wp-content\/uploads\/2026\/03\/Capture-decran-2026-03-04-081942-2048x160.png 2048w\" sizes=\"auto, (max-width: 1024px) 100vw, 1024px\" \/><\/a><\/figure>\n\n\n\n<p class=\"has-text-align-center has-medium-font-size\">Chez Le Chalet Floral, l&rsquo;art de la nature se cultive au quotidien, elle reprend la place qu&rsquo;elle m\u00e9rite \u00e0 vos c\u00f4t\u00e9s<\/p>\n\n\n\n<div class=\"wp-block-uagb-forms uagb-forms__outer-wrap uagb-block-96479cb1 uagb-forms__medium-btn\"><form class=\"uagb-forms-main-form\" method=\"post\" autocomplete=\"on\" name=\"uagb-form-96479cb1\">\n<div class=\"wp-block-uagb-forms-name uagb-forms-name-wrap uagb-forms-field-set uagb-block-8b666235\"><div class=\"uagb-forms-name-label required uagb-forms-input-label\" id=\"8b666235\">Pr\u00e9nom<\/div><input type=\"text\" placeholder=\"John\" required class=\"uagb-forms-name-input uagb-forms-input\" name=\"8b666235\" autocomplete=\"given-name\"\/><\/div>\n\n\n\n<div class=\"wp-block-uagb-forms-name uagb-forms-name-wrap uagb-forms-field-set uagb-block-ea6b871a\"><div class=\"uagb-forms-name-label required uagb-forms-input-label\" id=\"ea6b871a\">Nom<\/div><input type=\"text\" placeholder=\"Doe\" required class=\"uagb-forms-name-input uagb-forms-input\" name=\"ea6b871a\" autocomplete=\"family-name\"\/><\/div>\n\n\n\n<div class=\"wp-block-uagb-forms-email uagb-forms-email-wrap uagb-forms-field-set uagb-block-5affea88\"><div class=\"uagb-forms-email-label  uagb-forms-input-label\" id=\"5affea88\">Email<\/div><input type=\"email\" class=\"uagb-forms-email-input uagb-forms-input\" placeholder=\"example@mail.com\" name=\"5affea88\" autocomplete=\"email\"\/><\/div>\n\n\n\n<div class=\"wp-block-uagb-forms-textarea uagb-forms-textarea-wrap uagb-forms-field-set uagb-block-eab6f674\"><div class=\"uagb-forms-textarea-label required uagb-forms-input-label\" id=\"eab6f674\">Message<\/div><textarea required class=\"uagb-forms-textarea-input uagb-forms-input\" rows=\"4\" placeholder=\"Enter your message\" name=\"eab6f674\" autocomplete=\"off\"><\/textarea><\/div>\n<div class=\"uagb-forms-form-hidden-data\"><input type=\"hidden\" class=\"uagb_forms_form_label\" value=\"Spectra Form\"\/><input type=\"hidden\" class=\"uagb_forms_form_id\" value=\"uagb-form-96479cb1\"\/><\/div><div class=\"uagb-form-reacaptcha-error-96479cb1\"><\/div><div class=\"uagb-forms-main-submit-button-wrap wp-block-button\"><button class=\"uagb-forms-main-submit-button wp-block-button__link\"><div class=\"uagb-forms-main-submit-button-text\">Submit<\/div><\/button><\/div><\/form><div class=\"uagb-forms-success-message-96479cb1 uagb-forms-submit-message-hide\"><span>The form has been submitted successfully!<\/span><\/div><div class=\"uagb-forms-failed-message-96479cb1 uagb-forms-submit-message-hide\"><span>There has been some error while submitting the form. Please verify all form fields again.<\/span><\/div><\/div>\n\n\n\n<p class=\"has-text-align-center has-ast-global-color-5-background-color has-background\">Choisir notre fleuriste, c\u2019est privil\u00e9gier des fleurs fra\u00eeches en circuit court, soutenir une production locale et profiter d\u2019un service personnalis\u00e9. Gr\u00e2ce \u00e0 notre expertise, nous vous proposons la livraison de fleurs, des bouquets sur commande et des cr\u00e9ations adapt\u00e9es \u00e0 chaque moment de vie.<\/p>\n\n\n\t\t\t<div \n\t\t\tclass=\"wp-block-uagb-google-map uagb-google-map__wrap uagb-block-0f145424     \"\n\t\t\tstyle=\"\" >\n\t\t\t\t<embed\n\t\t\t\t\tclass=\"uagb-google-map__iframe\"\n\t\t\t\t\ttitle=\"Carte Google pour \"\n\t\t\t\t\tsrc=\"https:\/\/maps.google.com\/maps?q=38%20rue%20Jacques%20Ibert%2092300%20Levallois-Perret&#038;z=12&#038;hl=en&#038;t=m&#038;output=embed&#038;iwloc=near\"\n\t\t\t\t\twidth=\"640\"\n\t\t\t\t\theight=\"300\"\n\t\t\t\t\tloading=\"lazy\"\n\t\t\t\t><\/embed>\n\t\t\t<\/div>\n\t\t\t\n\n\n<p class=\"has-text-align-center has-light-green-cyan-color has-text-color has-link-color wp-elements-8d76609c6f71c256d3e423b6ed6e276f\">Pour offrir des fleurs, choisir une plante verte ou d\u00e9couvrir nos offres entreprises, faites confiance \u00e0 un fleuriste fran\u00e7ais passionn\u00e9 par la nature, la cr\u00e9ativit\u00e9 et la qualit\u00e9. Explorez nos collections et trouvez le bouquet parfait pour embellir votre quotidien.<\/p>\n\n\n\n<p><\/p>\n","protected":false},"excerpt":{"rendered":"<p>Bienvenue chez votre Fleuriste Artisanal D\u00e9couvrez notre fleuriste fran\u00e7ais, sp\u00e9cialiste des fleurs fra\u00eeches en circuit court, des bouquets sur mesure [&hellip;]<\/p>\n","protected":false},"author":1,"featured_media":0,"parent":0,"menu_order":0,"comment_status":"closed","ping_status":"closed","template":"","meta":{"_uag_custom_page_level_css":"","site-sidebar-layout":"no-sidebar","site-content-layout":"plain-container","ast-site-content-layout":"default","site-content-style":"default","site-sidebar-style":"default","ast-global-header-display":"","ast-banner-title-visibility":"","ast-main-header-display":"","ast-hfb-above-header-display":"","ast-hfb-below-header-display":"","ast-hfb-mobile-header-display":"","site-post-title":"disabled","ast-breadcrumbs-content":"","ast-featured-img":"","footer-sml-layout":"","theme-transparent-header-meta":"enabled","adv-header-id-meta":"","stick-header-meta":"","header-above-stick-meta":"","header-main-stick-meta":"","header-below-stick-meta":"","astra-migrate-meta-layouts":"default","ast-page-background-enabled":"default","ast-page-background-meta":{"desktop":{"background-color":"var(--ast-global-color-5)","background-image":"","background-repeat":"repeat","background-position":"center center","background-size":"auto","background-attachment":"scroll","background-type":"","background-media":"","overlay-type":"","overlay-color":"","overlay-opacity":"","overlay-gradient":""},"tablet":{"background-color":"","background-image":"","background-repeat":"repeat","background-position":"center center","background-size":"auto","background-attachment":"scroll","background-type":"","background-media":"","overlay-type":"","overlay-color":"","overlay-opacity":"","overlay-gradient":""},"mobile":{"background-color":"","background-image":"","background-repeat":"repeat","background-position":"center center","background-size":"auto","background-attachment":"scroll","background-type":"","background-media":"","overlay-type":"","overlay-color":"","overlay-opacity":"","overlay-gradient":""}},"ast-content-background-meta":{"desktop":{"background-color":"var(--ast-global-color-4)","background-image":"","background-repeat":"repeat","background-position":"center center","background-size":"auto","background-attachment":"scroll","background-type":"","background-media":"","overlay-type":"","overlay-color":"","overlay-opacity":"","overlay-gradient":""},"tablet":{"background-color":"var(--ast-global-color-4)","background-image":"","background-repeat":"repeat","background-position":"center center","background-size":"auto","background-attachment":"scroll","background-type":"","background-media":"","overlay-type":"","overlay-color":"","overlay-opacity":"","overlay-gradient":""},"mobile":{"background-color":"var(--ast-global-color-4)","background-image":"","background-repeat":"repeat","background-position":"center center","background-size":"auto","background-attachment":"scroll","background-type":"","background-media":"","overlay-type":"","overlay-color":"","overlay-opacity":"","overlay-gradient":""}},"footnotes":""},"class_list":["post-9","page","type-page","status-publish","hentry"],"yoast_head":"<!-- This site is optimized with the Yoast SEO plugin v27.0 - https:\/\/yoast.com\/product\/yoast-seo-wordpress\/ -->\n<title>Fleuriste -<\/title>\n<meta name=\"description\" content=\"Bienvenue chez votre fleuriste &quot; Au Chalet Floral &quot;. Un bouquet, un cadeau, pour moi, pour toi. Tu as tout les choix\" \/>\n<meta name=\"robots\" content=\"index, follow, max-snippet:-1, max-image-preview:large, max-video-preview:-1\" \/>\n<link rel=\"canonical\" href=\"https:\/\/site14.monsitecommeunpro.fr\/\" \/>\n<meta property=\"og:locale\" content=\"fr_FR\" \/>\n<meta property=\"og:type\" content=\"article\" \/>\n<meta property=\"og:title\" content=\"Fleuriste -\" \/>\n<meta property=\"og:description\" content=\"Bienvenue chez votre fleuriste &quot; Au Chalet Floral &quot;. Un bouquet, un cadeau, pour moi, pour toi. Tu as tout les choix\" \/>\n<meta property=\"og:url\" content=\"https:\/\/site14.monsitecommeunpro.fr\/\" \/>\n<meta property=\"article:modified_time\" content=\"2026-04-27T09:16:42+00:00\" \/>\n<meta property=\"og:image\" content=\"https:\/\/site14.monsitecommeunpro.fr\/wp-content\/uploads\/2026\/03\/Capture-decran-2026-03-03-111301-1024x460.png\" \/>\n\t<meta property=\"og:image:width\" content=\"1024\" \/>\n\t<meta property=\"og:image:height\" content=\"460\" \/>\n\t<meta property=\"og:image:type\" content=\"image\/png\" \/>\n<meta name=\"twitter:card\" content=\"summary_large_image\" \/>\n<meta name=\"twitter:label1\" content=\"Dur\u00e9e de lecture estim\u00e9e\" \/>\n\t<meta name=\"twitter:data1\" content=\"3 minutes\" \/>\n<script type=\"application\/ld+json\" class=\"yoast-schema-graph\">{\"@context\":\"https:\/\/schema.org\",\"@graph\":[{\"@type\":\"WebPage\",\"@id\":\"https:\/\/site14.monsitecommeunpro.fr\/\",\"url\":\"https:\/\/site14.monsitecommeunpro.fr\/\",\"name\":\"Fleuriste -\",\"isPartOf\":{\"@id\":\"https:\/\/site14.monsitecommeunpro.fr\/#website\"},\"primaryImageOfPage\":{\"@id\":\"https:\/\/site14.monsitecommeunpro.fr\/#primaryimage\"},\"image\":{\"@id\":\"https:\/\/site14.monsitecommeunpro.fr\/#primaryimage\"},\"thumbnailUrl\":\"https:\/\/site14.monsitecommeunpro.fr\/wp-content\/uploads\/2026\/03\/Capture-decran-2026-03-03-111301-1024x460.png\",\"datePublished\":\"2026-03-02T07:47:49+00:00\",\"dateModified\":\"2026-04-27T09:16:42+00:00\",\"description\":\"Bienvenue chez votre fleuriste \\\" Au Chalet Floral \\\". Un bouquet, un cadeau, pour moi, pour toi. Tu as tout les choix\",\"breadcrumb\":{\"@id\":\"https:\/\/site14.monsitecommeunpro.fr\/#breadcrumb\"},\"inLanguage\":\"fr-FR\",\"potentialAction\":[{\"@type\":\"ReadAction\",\"target\":[\"https:\/\/site14.monsitecommeunpro.fr\/\"]}]},{\"@type\":\"ImageObject\",\"inLanguage\":\"fr-FR\",\"@id\":\"https:\/\/site14.monsitecommeunpro.fr\/#primaryimage\",\"url\":\"https:\/\/site14.monsitecommeunpro.fr\/wp-content\/uploads\/2026\/03\/Capture-decran-2026-03-03-111301-scaled.png\",\"contentUrl\":\"https:\/\/site14.monsitecommeunpro.fr\/wp-content\/uploads\/2026\/03\/Capture-decran-2026-03-03-111301-scaled.png\",\"width\":2560,\"height\":1149},{\"@type\":\"BreadcrumbList\",\"@id\":\"https:\/\/site14.monsitecommeunpro.fr\/#breadcrumb\",\"itemListElement\":[{\"@type\":\"ListItem\",\"position\":1,\"name\":\"Accueil\",\"item\":\"https:\/\/site14.monsitecommeunpro.fr\/\"},{\"@type\":\"ListItem\",\"position\":2,\"name\":\"Fleuriste\"}]},{\"@type\":\"WebSite\",\"@id\":\"https:\/\/site14.monsitecommeunpro.fr\/#website\",\"url\":\"https:\/\/site14.monsitecommeunpro.fr\/\",\"name\":\"\",\"description\":\"\",\"potentialAction\":[{\"@type\":\"SearchAction\",\"target\":{\"@type\":\"EntryPoint\",\"urlTemplate\":\"https:\/\/site14.monsitecommeunpro.fr\/?s={search_term_string}\"},\"query-input\":{\"@type\":\"PropertyValueSpecification\",\"valueRequired\":true,\"valueName\":\"search_term_string\"}}],\"inLanguage\":\"fr-FR\"}]}<\/script>\n<!-- \/ Yoast SEO plugin. -->","yoast_head_json":{"title":"Fleuriste -","description":"Bienvenue chez votre fleuriste \" Au Chalet Floral \". Un bouquet, un cadeau, pour moi, pour toi. Tu as tout les choix","robots":{"index":"index","follow":"follow","max-snippet":"max-snippet:-1","max-image-preview":"max-image-preview:large","max-video-preview":"max-video-preview:-1"},"canonical":"https:\/\/site14.monsitecommeunpro.fr\/","og_locale":"fr_FR","og_type":"article","og_title":"Fleuriste -","og_description":"Bienvenue chez votre fleuriste \" Au Chalet Floral \". Un bouquet, un cadeau, pour moi, pour toi. Tu as tout les choix","og_url":"https:\/\/site14.monsitecommeunpro.fr\/","article_modified_time":"2026-04-27T09:16:42+00:00","og_image":[{"width":1024,"height":460,"url":"https:\/\/site14.monsitecommeunpro.fr\/wp-content\/uploads\/2026\/03\/Capture-decran-2026-03-03-111301-1024x460.png","type":"image\/png"}],"twitter_card":"summary_large_image","twitter_misc":{"Dur\u00e9e de lecture estim\u00e9e":"3 minutes"},"schema":{"@context":"https:\/\/schema.org","@graph":[{"@type":"WebPage","@id":"https:\/\/site14.monsitecommeunpro.fr\/","url":"https:\/\/site14.monsitecommeunpro.fr\/","name":"Fleuriste -","isPartOf":{"@id":"https:\/\/site14.monsitecommeunpro.fr\/#website"},"primaryImageOfPage":{"@id":"https:\/\/site14.monsitecommeunpro.fr\/#primaryimage"},"image":{"@id":"https:\/\/site14.monsitecommeunpro.fr\/#primaryimage"},"thumbnailUrl":"https:\/\/site14.monsitecommeunpro.fr\/wp-content\/uploads\/2026\/03\/Capture-decran-2026-03-03-111301-1024x460.png","datePublished":"2026-03-02T07:47:49+00:00","dateModified":"2026-04-27T09:16:42+00:00","description":"Bienvenue chez votre fleuriste \" Au Chalet Floral \". Un bouquet, un cadeau, pour moi, pour toi. Tu as tout les choix","breadcrumb":{"@id":"https:\/\/site14.monsitecommeunpro.fr\/#breadcrumb"},"inLanguage":"fr-FR","potentialAction":[{"@type":"ReadAction","target":["https:\/\/site14.monsitecommeunpro.fr\/"]}]},{"@type":"ImageObject","inLanguage":"fr-FR","@id":"https:\/\/site14.monsitecommeunpro.fr\/#primaryimage","url":"https:\/\/site14.monsitecommeunpro.fr\/wp-content\/uploads\/2026\/03\/Capture-decran-2026-03-03-111301-scaled.png","contentUrl":"https:\/\/site14.monsitecommeunpro.fr\/wp-content\/uploads\/2026\/03\/Capture-decran-2026-03-03-111301-scaled.png","width":2560,"height":1149},{"@type":"BreadcrumbList","@id":"https:\/\/site14.monsitecommeunpro.fr\/#breadcrumb","itemListElement":[{"@type":"ListItem","position":1,"name":"Accueil","item":"https:\/\/site14.monsitecommeunpro.fr\/"},{"@type":"ListItem","position":2,"name":"Fleuriste"}]},{"@type":"WebSite","@id":"https:\/\/site14.monsitecommeunpro.fr\/#website","url":"https:\/\/site14.monsitecommeunpro.fr\/","name":"","description":"","potentialAction":[{"@type":"SearchAction","target":{"@type":"EntryPoint","urlTemplate":"https:\/\/site14.monsitecommeunpro.fr\/?s={search_term_string}"},"query-input":{"@type":"PropertyValueSpecification","valueRequired":true,"valueName":"search_term_string"}}],"inLanguage":"fr-FR"}]}},"uagb_featured_image_src":{"full":false,"thumbnail":false,"medium":false,"medium_large":false,"large":false,"1536x1536":false,"2048x2048":false},"uagb_author_info":{"display_name":"admin","author_link":"https:\/\/site14.monsitecommeunpro.fr\/?author=1"},"uagb_comment_info":0,"uagb_excerpt":"Bienvenue chez votre Fleuriste Artisanal D\u00e9couvrez notre fleuriste fran\u00e7ais, sp\u00e9cialiste des fleurs fra\u00eeches en circuit court, des bouquets sur mesure [&hellip;]","_links":{"self":[{"href":"https:\/\/site14.monsitecommeunpro.fr\/index.php?rest_route=\/wp\/v2\/pages\/9","targetHints":{"allow":["GET"]}}],"collection":[{"href":"https:\/\/site14.monsitecommeunpro.fr\/index.php?rest_route=\/wp\/v2\/pages"}],"about":[{"href":"https:\/\/site14.monsitecommeunpro.fr\/index.php?rest_route=\/wp\/v2\/types\/page"}],"author":[{"embeddable":true,"href":"https:\/\/site14.monsitecommeunpro.fr\/index.php?rest_route=\/wp\/v2\/users\/1"}],"replies":[{"embeddable":true,"href":"https:\/\/site14.monsitecommeunpro.fr\/index.php?rest_route=%2Fwp%2Fv2%2Fcomments&post=9"}],"version-history":[{"count":35,"href":"https:\/\/site14.monsitecommeunpro.fr\/index.php?rest_route=\/wp\/v2\/pages\/9\/revisions"}],"predecessor-version":[{"id":317,"href":"https:\/\/site14.monsitecommeunpro.fr\/index.php?rest_route=\/wp\/v2\/pages\/9\/revisions\/317"}],"wp:attachment":[{"href":"https:\/\/site14.monsitecommeunpro.fr\/index.php?rest_route=%2Fwp%2Fv2%2Fmedia&parent=9"}],"curies":[{"name":"wp","href":"https:\/\/api.w.org\/{rel}","templated":true}]}}