{"id":255,"date":"2026-03-23T13:36:38","date_gmt":"2026-03-23T12:36:38","guid":{"rendered":"https:\/\/site14.monsitecommeunpro.fr\/?page_id=255"},"modified":"2026-03-23T14:44:23","modified_gmt":"2026-03-23T13:44:23","slug":"sejour-aux-gorges","status":"publish","type":"page","link":"https:\/\/site14.monsitecommeunpro.fr\/?page_id=255","title":{"rendered":"S\u00e9jour aux Gorges"},"content":{"rendered":"\n<p class=\"has-text-align-center has-medium-font-size\">A l&rsquo;occasion du Pont de l&rsquo;Ascension, votre Chalet Floral va se reposer du jeudi 14 mai au dimanche 17 mai. Sur cette p\u00e9riode de fermeture, nous vous proposons un s\u00e9jour de 4 jours dans les Gorges du Verdon !<\/p>\n\n\n\n<figure class=\"wp-block-gallery has-nested-images columns-default is-cropped wp-block-gallery-1 is-layout-flex wp-block-gallery-is-layout-flex\">\n<figure class=\"wp-block-image size-large\"><img loading=\"lazy\" decoding=\"async\" width=\"646\" height=\"1024\" data-id=\"266\" src=\"https:\/\/site14.monsitecommeunpro.fr\/wp-content\/uploads\/2026\/03\/Capture-decran-2026-03-23-134345-1-646x1024.png\" alt=\"\" class=\"wp-image-266\" srcset=\"https:\/\/site14.monsitecommeunpro.fr\/wp-content\/uploads\/2026\/03\/Capture-decran-2026-03-23-134345-1-646x1024.png 646w, https:\/\/site14.monsitecommeunpro.fr\/wp-content\/uploads\/2026\/03\/Capture-decran-2026-03-23-134345-1-189x300.png 189w, https:\/\/site14.monsitecommeunpro.fr\/wp-content\/uploads\/2026\/03\/Capture-decran-2026-03-23-134345-1.png 724w\" sizes=\"auto, (max-width: 646px) 100vw, 646px\" \/><figcaption class=\"wp-element-caption\">Paysage<\/figcaption><\/figure>\n\n\n\n<figure class=\"wp-block-image size-large\"><img loading=\"lazy\" decoding=\"async\" width=\"663\" height=\"1024\" data-id=\"268\" src=\"https:\/\/site14.monsitecommeunpro.fr\/wp-content\/uploads\/2026\/03\/Capture-decran-2026-03-23-134354-1-663x1024.png\" alt=\"\" class=\"wp-image-268\" srcset=\"https:\/\/site14.monsitecommeunpro.fr\/wp-content\/uploads\/2026\/03\/Capture-decran-2026-03-23-134354-1-663x1024.png 663w, https:\/\/site14.monsitecommeunpro.fr\/wp-content\/uploads\/2026\/03\/Capture-decran-2026-03-23-134354-1-194x300.png 194w, https:\/\/site14.monsitecommeunpro.fr\/wp-content\/uploads\/2026\/03\/Capture-decran-2026-03-23-134354-1.png 739w\" sizes=\"auto, (max-width: 663px) 100vw, 663px\" \/><\/figure>\n\n\n\n<figure class=\"wp-block-image size-large\"><img loading=\"lazy\" decoding=\"async\" width=\"663\" height=\"1024\" data-id=\"267\" src=\"https:\/\/site14.monsitecommeunpro.fr\/wp-content\/uploads\/2026\/03\/Capture-decran-2026-03-23-134403-1-663x1024.png\" alt=\"\" class=\"wp-image-267\" srcset=\"https:\/\/site14.monsitecommeunpro.fr\/wp-content\/uploads\/2026\/03\/Capture-decran-2026-03-23-134403-1-663x1024.png 663w, https:\/\/site14.monsitecommeunpro.fr\/wp-content\/uploads\/2026\/03\/Capture-decran-2026-03-23-134403-1-194x300.png 194w, https:\/\/site14.monsitecommeunpro.fr\/wp-content\/uploads\/2026\/03\/Capture-decran-2026-03-23-134403-1.png 744w\" sizes=\"auto, (max-width: 663px) 100vw, 663px\" \/><figcaption class=\"wp-element-caption\">Paysage <\/figcaption><\/figure>\n<\/figure>\n\n\n\n<p class=\"has-text-align-center\">Ce s\u00e9jour pr\u00e9voit 3 circuits : loisir, d\u00e9butant et expert.<\/p>\n\n\n\n<div class=\"wp-block-media-text is-stacked-on-mobile\"><figure class=\"wp-block-media-text__media\"><img loading=\"lazy\" decoding=\"async\" width=\"1000\" height=\"714\" src=\"https:\/\/site14.monsitecommeunpro.fr\/wp-content\/uploads\/2026\/03\/Garde-Canal.jpg\" alt=\"\" class=\"wp-image-256 size-full\" srcset=\"https:\/\/site14.monsitecommeunpro.fr\/wp-content\/uploads\/2026\/03\/Garde-Canal.jpg 1000w, https:\/\/site14.monsitecommeunpro.fr\/wp-content\/uploads\/2026\/03\/Garde-Canal-300x214.jpg 300w, https:\/\/site14.monsitecommeunpro.fr\/wp-content\/uploads\/2026\/03\/Garde-Canal-768x548.jpg 768w\" sizes=\"auto, (max-width: 1000px) 100vw, 1000px\" \/><\/figure><div class=\"wp-block-media-text__content\">\n<p class=\"has-text-align-center has-vivid-red-color has-text-color has-link-color has-large-font-size wp-elements-d83292feb086e211ea5a5bed88f2ba09\"><strong>Expert <\/strong><\/p>\n\n\n\n<p class=\"has-text-align-center has-ast-global-color-8-color has-text-color has-link-color has-medium-font-size wp-elements-94117e0f750045b7cb0680443245eb06\"><strong>Sentier de l&rsquo;Imbut<\/strong><\/p>\n\n\n\n<p class=\"has-text-align-center\">Le Sentier de l&rsquo;Imbut, situ\u00e9 au coeur des Gorges du Verdon, est l&rsquo;un des parcours les plus connus du canyon. Son nom vient du mot proven\u00e7al signifiant \u00ab\u00a0entonnoir\u00a0\u00bb, en r\u00e9f\u00e9rence \u00e0 l&rsquo;\u00e9troitesse extr\u00eame de la gorge o\u00f9 la rivi\u00e8re dispara\u00eet parfois sous les blocs rocheux. Le chemin d\u00e9bute en g\u00e9n\u00e9ral au parking des Cavaliers, d&rsquo;o\u00f9 l&rsquo;on descend vers le Verdon avant de longer la rive gauche sur un itin\u00e9raire sauvage, encaiss\u00e9 et tr\u00e8s min\u00e9ral.<\/p>\n<\/div><\/div>\n\n\n\n<div class=\"wp-block-media-text has-media-on-the-right is-stacked-on-mobile\"><div class=\"wp-block-media-text__content\">\n<p class=\"has-text-align-center has-vivid-green-cyan-color has-text-color has-link-color has-large-font-size wp-elements-dd1ad579100433f54c4914a2976311bb\"><strong>D\u00e9butant<\/strong><\/p>\n\n\n\n<p class=\"has-text-align-center has-ast-global-color-8-color has-text-color has-link-color has-medium-font-size wp-elements-91afcd4a584e03ff89960cf275751bff\"><strong>Sentier Blanc Martel <\/strong><\/p>\n\n\n\n<p class=\"has-text-align-center\">Il relie le Chalet de la Maline (pr\u00e8s de La Palud-sur-Verdon) au Point Sublime (ou au village de Rougon selon l&rsquo;option) : c&rsquo;est un aller simple d&rsquo;environ 15 \u00e0 16 km. L&rsquo;acc\u00e8s s&rsquo;effectue depuis La Palud-sur-Verdon, via le Chalet de la Maline &#8211; en voiture ou en navette (navette assur\u00e9e d&rsquo;avril \u00e0 novembre). Ce sentier s&rsquo;enfonce dans le canyon, alternant falaises, tunnels, passage \u00e9troits, escaliers : fournit un acc\u00e8s direct spectaculaire au Verdon<\/p>\n<\/div><figure class=\"wp-block-media-text__media\"><img loading=\"lazy\" decoding=\"async\" width=\"1024\" height=\"683\" src=\"https:\/\/site14.monsitecommeunpro.fr\/wp-content\/uploads\/2026\/03\/Verdon_riviere-1024x683-1.jpg\" alt=\"\" class=\"wp-image-257 size-full\" srcset=\"https:\/\/site14.monsitecommeunpro.fr\/wp-content\/uploads\/2026\/03\/Verdon_riviere-1024x683-1.jpg 1024w, https:\/\/site14.monsitecommeunpro.fr\/wp-content\/uploads\/2026\/03\/Verdon_riviere-1024x683-1-300x200.jpg 300w, https:\/\/site14.monsitecommeunpro.fr\/wp-content\/uploads\/2026\/03\/Verdon_riviere-1024x683-1-768x512.jpg 768w\" sizes=\"auto, (max-width: 1024px) 100vw, 1024px\" \/><\/figure><\/div>\n\n\n\n<div class=\"wp-block-media-text is-stacked-on-mobile\"><figure class=\"wp-block-media-text__media\"><img loading=\"lazy\" decoding=\"async\" width=\"1024\" height=\"682\" src=\"https:\/\/site14.monsitecommeunpro.fr\/wp-content\/uploads\/2026\/03\/00010919-la-balaguere-france-verdon-1024x682.webp\" alt=\"\" class=\"wp-image-258 size-full\" srcset=\"https:\/\/site14.monsitecommeunpro.fr\/wp-content\/uploads\/2026\/03\/00010919-la-balaguere-france-verdon-1024x682.webp 1024w, https:\/\/site14.monsitecommeunpro.fr\/wp-content\/uploads\/2026\/03\/00010919-la-balaguere-france-verdon-300x200.webp 300w, https:\/\/site14.monsitecommeunpro.fr\/wp-content\/uploads\/2026\/03\/00010919-la-balaguere-france-verdon-768x512.webp 768w, https:\/\/site14.monsitecommeunpro.fr\/wp-content\/uploads\/2026\/03\/00010919-la-balaguere-france-verdon-1536x1023.webp 1536w, https:\/\/site14.monsitecommeunpro.fr\/wp-content\/uploads\/2026\/03\/00010919-la-balaguere-france-verdon-2048x1364.webp 2048w\" sizes=\"auto, (max-width: 1024px) 100vw, 1024px\" \/><\/figure><div class=\"wp-block-media-text__content\">\n<p class=\"has-text-align-center has-vivid-cyan-blue-color has-text-color has-link-color has-large-font-size wp-elements-ec90f728a5176c8f8a4a67aa8b7fef65\"><strong>Loisir <\/strong><\/p>\n\n\n\n<p class=\"has-text-align-center has-ast-global-color-8-color has-text-color has-link-color has-medium-font-size wp-elements-3be6e3e8a30a29ad1aef376b73ac2784\"><strong>Sentier Vidal <\/strong><\/p>\n\n\n\n<p class=\"has-text-align-center\">Le Sentier Vidal est une voie d&rsquo;acc\u00e8s \/ de sortie du canyon du Verdon, qui rejoint le Sentier de l&rsquo;Imbut. Ce Sentier porte le nom d&rsquo;un ing\u00e9nieur fran\u00e7ais ayant travaill\u00e9 aux am\u00e9nagement hydrologiques des Gorges au d\u00e9but du XXe si\u00e8cle. Historiquement, il aurait probablement \u00e9t\u00e9 utilis\u00e9 comme voie de secours pour acc\u00e9der aux zones de travail en cas d&rsquo;accident.<\/p>\n<\/div><\/div>\n\n\n\n<div class=\"wp-block-file\"><a id=\"wp-block-file--media-787b9426-2a07-4eec-bb59-df5d8f96ed23\" href=\"https:\/\/site14.monsitecommeunpro.fr\/wp-content\/uploads\/2026\/03\/bulletin-dinscription.docx\">bulletin d&rsquo;inscription<\/a><a href=\"https:\/\/site14.monsitecommeunpro.fr\/wp-content\/uploads\/2026\/03\/bulletin-dinscription.docx\" class=\"wp-block-file__button wp-element-button\" download aria-describedby=\"wp-block-file--media-787b9426-2a07-4eec-bb59-df5d8f96ed23\">T\u00e9l\u00e9charger<\/a><\/div>\n\n\n\t\t\t<div \n\t\t\tclass=\"wp-block-uagb-google-map uagb-google-map__wrap uagb-block-ee29ef98     \"\n\t\t\tstyle=\"\" >\n\t\t\t\t<embed\n\t\t\t\t\tclass=\"uagb-google-map__iframe\"\n\t\t\t\t\ttitle=\"Carte Google pour \"\n\t\t\t\t\tsrc=\"https:\/\/maps.google.com\/maps?q=les%20gorges%20du%20verdon&#038;z=12&#038;hl=en&#038;t=m&#038;output=embed&#038;iwloc=near\"\n\t\t\t\t\twidth=\"640\"\n\t\t\t\t\theight=\"300\"\n\t\t\t\t\tloading=\"lazy\"\n\t\t\t\t><\/embed>\n\t\t\t<\/div>\n\t\t\t","protected":false},"excerpt":{"rendered":"<p>A l&rsquo;occasion du Pont de l&rsquo;Ascension, votre Chalet Floral va se reposer du jeudi 14 mai au dimanche 17 mai. [&hellip;]<\/p>\n","protected":false},"author":1,"featured_media":0,"parent":0,"menu_order":0,"comment_status":"closed","ping_status":"closed","template":"","meta":{"_uag_custom_page_level_css":"","site-sidebar-layout":"default","site-content-layout":"","ast-site-content-layout":"default","site-content-style":"default","site-sidebar-style":"default","ast-global-header-display":"","ast-banner-title-visibility":"","ast-main-header-display":"","ast-hfb-above-header-display":"","ast-hfb-below-header-display":"","ast-hfb-mobile-header-display":"","site-post-title":"disabled","ast-breadcrumbs-content":"","ast-featured-img":"","footer-sml-layout":"","theme-transparent-header-meta":"","adv-header-id-meta":"","stick-header-meta":"","header-above-stick-meta":"","header-main-stick-meta":"","header-below-stick-meta":"","astra-migrate-meta-layouts":"default","ast-page-background-enabled":"default","ast-page-background-meta":{"desktop":{"background-color":"var(--ast-global-color-5)","background-image":"","background-repeat":"repeat","background-position":"center center","background-size":"auto","background-attachment":"scroll","background-type":"","background-media":"","overlay-type":"","overlay-color":"","overlay-opacity":"","overlay-gradient":""},"tablet":{"background-color":"","background-image":"","background-repeat":"repeat","background-position":"center center","background-size":"auto","background-attachment":"scroll","background-type":"","background-media":"","overlay-type":"","overlay-color":"","overlay-opacity":"","overlay-gradient":""},"mobile":{"background-color":"","background-image":"","background-repeat":"repeat","background-position":"center center","background-size":"auto","background-attachment":"scroll","background-type":"","background-media":"","overlay-type":"","overlay-color":"","overlay-opacity":"","overlay-gradient":""}},"ast-content-background-meta":{"desktop":{"background-color":"var(--ast-global-color-4)","background-image":"","background-repeat":"repeat","background-position":"center center","background-size":"auto","background-attachment":"scroll","background-type":"","background-media":"","overlay-type":"","overlay-color":"","overlay-opacity":"","overlay-gradient":""},"tablet":{"background-color":"var(--ast-global-color-4)","background-image":"","background-repeat":"repeat","background-position":"center center","background-size":"auto","background-attachment":"scroll","background-type":"","background-media":"","overlay-type":"","overlay-color":"","overlay-opacity":"","overlay-gradient":""},"mobile":{"background-color":"var(--ast-global-color-4)","background-image":"","background-repeat":"repeat","background-position":"center center","background-size":"auto","background-attachment":"scroll","background-type":"","background-media":"","overlay-type":"","overlay-color":"","overlay-opacity":"","overlay-gradient":""}},"footnotes":""},"class_list":["post-255","page","type-page","status-publish","hentry"],"yoast_head":"<!-- This site is optimized with the Yoast SEO plugin v27.0 - https:\/\/yoast.com\/product\/yoast-seo-wordpress\/ -->\n<title>S\u00e9jour aux Gorges -<\/title>\n<meta name=\"robots\" content=\"index, follow, max-snippet:-1, max-image-preview:large, max-video-preview:-1\" \/>\n<link rel=\"canonical\" href=\"https:\/\/site14.monsitecommeunpro.fr\/?page_id=255\" \/>\n<meta property=\"og:locale\" content=\"fr_FR\" \/>\n<meta property=\"og:type\" content=\"article\" \/>\n<meta property=\"og:title\" content=\"S\u00e9jour aux Gorges -\" \/>\n<meta property=\"og:description\" content=\"A l&rsquo;occasion du Pont de l&rsquo;Ascension, votre Chalet Floral va se reposer du jeudi 14 mai au dimanche 17 mai. [&hellip;]\" \/>\n<meta property=\"og:url\" content=\"https:\/\/site14.monsitecommeunpro.fr\/?page_id=255\" \/>\n<meta property=\"article:modified_time\" content=\"2026-03-23T13:44:23+00:00\" \/>\n<meta property=\"og:image\" content=\"https:\/\/site14.monsitecommeunpro.fr\/wp-content\/uploads\/2026\/03\/Capture-decran-2026-03-23-134345-1.png\" \/>\n\t<meta property=\"og:image:width\" content=\"724\" \/>\n\t<meta property=\"og:image:height\" content=\"1148\" \/>\n\t<meta property=\"og:image:type\" content=\"image\/png\" \/>\n<meta name=\"twitter:card\" content=\"summary_large_image\" \/>\n<meta name=\"twitter:label1\" content=\"Dur\u00e9e de lecture estim\u00e9e\" \/>\n\t<meta name=\"twitter:data1\" content=\"1 minute\" \/>\n<script type=\"application\/ld+json\" class=\"yoast-schema-graph\">{\"@context\":\"https:\/\/schema.org\",\"@graph\":[{\"@type\":\"WebPage\",\"@id\":\"https:\/\/site14.monsitecommeunpro.fr\/?page_id=255\",\"url\":\"https:\/\/site14.monsitecommeunpro.fr\/?page_id=255\",\"name\":\"S\u00e9jour aux Gorges -\",\"isPartOf\":{\"@id\":\"https:\/\/site14.monsitecommeunpro.fr\/#website\"},\"primaryImageOfPage\":{\"@id\":\"https:\/\/site14.monsitecommeunpro.fr\/?page_id=255#primaryimage\"},\"image\":{\"@id\":\"https:\/\/site14.monsitecommeunpro.fr\/?page_id=255#primaryimage\"},\"thumbnailUrl\":\"https:\/\/site14.monsitecommeunpro.fr\/wp-content\/uploads\/2026\/03\/Capture-decran-2026-03-23-134345-1-646x1024.png\",\"datePublished\":\"2026-03-23T12:36:38+00:00\",\"dateModified\":\"2026-03-23T13:44:23+00:00\",\"breadcrumb\":{\"@id\":\"https:\/\/site14.monsitecommeunpro.fr\/?page_id=255#breadcrumb\"},\"inLanguage\":\"fr-FR\",\"potentialAction\":[{\"@type\":\"ReadAction\",\"target\":[\"https:\/\/site14.monsitecommeunpro.fr\/?page_id=255\"]}]},{\"@type\":\"ImageObject\",\"inLanguage\":\"fr-FR\",\"@id\":\"https:\/\/site14.monsitecommeunpro.fr\/?page_id=255#primaryimage\",\"url\":\"https:\/\/site14.monsitecommeunpro.fr\/wp-content\/uploads\/2026\/03\/Capture-decran-2026-03-23-134345-1.png\",\"contentUrl\":\"https:\/\/site14.monsitecommeunpro.fr\/wp-content\/uploads\/2026\/03\/Capture-decran-2026-03-23-134345-1.png\",\"width\":724,\"height\":1148},{\"@type\":\"BreadcrumbList\",\"@id\":\"https:\/\/site14.monsitecommeunpro.fr\/?page_id=255#breadcrumb\",\"itemListElement\":[{\"@type\":\"ListItem\",\"position\":1,\"name\":\"Accueil\",\"item\":\"https:\/\/site14.monsitecommeunpro.fr\/\"},{\"@type\":\"ListItem\",\"position\":2,\"name\":\"S\u00e9jour aux Gorges\"}]},{\"@type\":\"WebSite\",\"@id\":\"https:\/\/site14.monsitecommeunpro.fr\/#website\",\"url\":\"https:\/\/site14.monsitecommeunpro.fr\/\",\"name\":\"\",\"description\":\"\",\"potentialAction\":[{\"@type\":\"SearchAction\",\"target\":{\"@type\":\"EntryPoint\",\"urlTemplate\":\"https:\/\/site14.monsitecommeunpro.fr\/?s={search_term_string}\"},\"query-input\":{\"@type\":\"PropertyValueSpecification\",\"valueRequired\":true,\"valueName\":\"search_term_string\"}}],\"inLanguage\":\"fr-FR\"}]}<\/script>\n<!-- \/ Yoast SEO plugin. -->","yoast_head_json":{"title":"S\u00e9jour aux Gorges -","robots":{"index":"index","follow":"follow","max-snippet":"max-snippet:-1","max-image-preview":"max-image-preview:large","max-video-preview":"max-video-preview:-1"},"canonical":"https:\/\/site14.monsitecommeunpro.fr\/?page_id=255","og_locale":"fr_FR","og_type":"article","og_title":"S\u00e9jour aux Gorges -","og_description":"A l&rsquo;occasion du Pont de l&rsquo;Ascension, votre Chalet Floral va se reposer du jeudi 14 mai au dimanche 17 mai. [&hellip;]","og_url":"https:\/\/site14.monsitecommeunpro.fr\/?page_id=255","article_modified_time":"2026-03-23T13:44:23+00:00","og_image":[{"width":724,"height":1148,"url":"https:\/\/site14.monsitecommeunpro.fr\/wp-content\/uploads\/2026\/03\/Capture-decran-2026-03-23-134345-1.png","type":"image\/png"}],"twitter_card":"summary_large_image","twitter_misc":{"Dur\u00e9e de lecture estim\u00e9e":"1 minute"},"schema":{"@context":"https:\/\/schema.org","@graph":[{"@type":"WebPage","@id":"https:\/\/site14.monsitecommeunpro.fr\/?page_id=255","url":"https:\/\/site14.monsitecommeunpro.fr\/?page_id=255","name":"S\u00e9jour aux Gorges -","isPartOf":{"@id":"https:\/\/site14.monsitecommeunpro.fr\/#website"},"primaryImageOfPage":{"@id":"https:\/\/site14.monsitecommeunpro.fr\/?page_id=255#primaryimage"},"image":{"@id":"https:\/\/site14.monsitecommeunpro.fr\/?page_id=255#primaryimage"},"thumbnailUrl":"https:\/\/site14.monsitecommeunpro.fr\/wp-content\/uploads\/2026\/03\/Capture-decran-2026-03-23-134345-1-646x1024.png","datePublished":"2026-03-23T12:36:38+00:00","dateModified":"2026-03-23T13:44:23+00:00","breadcrumb":{"@id":"https:\/\/site14.monsitecommeunpro.fr\/?page_id=255#breadcrumb"},"inLanguage":"fr-FR","potentialAction":[{"@type":"ReadAction","target":["https:\/\/site14.monsitecommeunpro.fr\/?page_id=255"]}]},{"@type":"ImageObject","inLanguage":"fr-FR","@id":"https:\/\/site14.monsitecommeunpro.fr\/?page_id=255#primaryimage","url":"https:\/\/site14.monsitecommeunpro.fr\/wp-content\/uploads\/2026\/03\/Capture-decran-2026-03-23-134345-1.png","contentUrl":"https:\/\/site14.monsitecommeunpro.fr\/wp-content\/uploads\/2026\/03\/Capture-decran-2026-03-23-134345-1.png","width":724,"height":1148},{"@type":"BreadcrumbList","@id":"https:\/\/site14.monsitecommeunpro.fr\/?page_id=255#breadcrumb","itemListElement":[{"@type":"ListItem","position":1,"name":"Accueil","item":"https:\/\/site14.monsitecommeunpro.fr\/"},{"@type":"ListItem","position":2,"name":"S\u00e9jour aux Gorges"}]},{"@type":"WebSite","@id":"https:\/\/site14.monsitecommeunpro.fr\/#website","url":"https:\/\/site14.monsitecommeunpro.fr\/","name":"","description":"","potentialAction":[{"@type":"SearchAction","target":{"@type":"EntryPoint","urlTemplate":"https:\/\/site14.monsitecommeunpro.fr\/?s={search_term_string}"},"query-input":{"@type":"PropertyValueSpecification","valueRequired":true,"valueName":"search_term_string"}}],"inLanguage":"fr-FR"}]}},"uagb_featured_image_src":{"full":false,"thumbnail":false,"medium":false,"medium_large":false,"large":false,"1536x1536":false,"2048x2048":false},"uagb_author_info":{"display_name":"admin","author_link":"https:\/\/site14.monsitecommeunpro.fr\/?author=1"},"uagb_comment_info":0,"uagb_excerpt":"A l&rsquo;occasion du Pont de l&rsquo;Ascension, votre Chalet Floral va se reposer du jeudi 14 mai au dimanche 17 mai. [&hellip;]","_links":{"self":[{"href":"https:\/\/site14.monsitecommeunpro.fr\/index.php?rest_route=\/wp\/v2\/pages\/255","targetHints":{"allow":["GET"]}}],"collection":[{"href":"https:\/\/site14.monsitecommeunpro.fr\/index.php?rest_route=\/wp\/v2\/pages"}],"about":[{"href":"https:\/\/site14.monsitecommeunpro.fr\/index.php?rest_route=\/wp\/v2\/types\/page"}],"author":[{"embeddable":true,"href":"https:\/\/site14.monsitecommeunpro.fr\/index.php?rest_route=\/wp\/v2\/users\/1"}],"replies":[{"embeddable":true,"href":"https:\/\/site14.monsitecommeunpro.fr\/index.php?rest_route=%2Fwp%2Fv2%2Fcomments&post=255"}],"version-history":[{"count":4,"href":"https:\/\/site14.monsitecommeunpro.fr\/index.php?rest_route=\/wp\/v2\/pages\/255\/revisions"}],"predecessor-version":[{"id":291,"href":"https:\/\/site14.monsitecommeunpro.fr\/index.php?rest_route=\/wp\/v2\/pages\/255\/revisions\/291"}],"wp:attachment":[{"href":"https:\/\/site14.monsitecommeunpro.fr\/index.php?rest_route=%2Fwp%2Fv2%2Fmedia&parent=255"}],"curies":[{"name":"wp","href":"https:\/\/api.w.org\/{rel}","templated":true}]}}